{"id":8738,"date":"2021-12-21T15:44:28","date_gmt":"2021-12-21T14:44:28","guid":{"rendered":"https:\/\/www.assocardan.org\/?page_id=8738"},"modified":"2026-03-10T16:13:04","modified_gmt":"2026-03-10T15:13:04","slug":"formation-illettrisme","status":"publish","type":"page","link":"https:\/\/www.assocardan.org\/?page_id=8738","title":{"rendered":"FORMATION ILLETTRISME"},"content":{"rendered":"\n<div class=\"wp-block-columns is-layout-flex wp-container-core-columns-is-layout-9d6595d7 wp-block-columns-is-layout-flex\">\n<div class=\"wp-block-column is-vertically-aligned-top is-layout-flow wp-block-column-is-layout-flow\" style=\"flex-basis:66.66%\">\n<h3 class=\"wp-block-heading has-text-align-center has-white-color has-vivid-red-background-color has-text-color has-background\" style=\"font-size:25px\">formation des apprentissages de base <br \/>\u00e0 Amiens Saint-Roch<\/h3>\n\n\n\n<div style=\"height:10px\" aria-hidden=\"true\" class=\"wp-block-spacer\"><\/div>\n\n\n\n<h4 class=\"wp-block-heading\"><strong>Contexte \u2014<\/strong><\/h4>\n\n\n\n<p>400 000 personnes concern\u00e9es par l\u2019illettrisme dans les Hauts-de-France \u2014 11 % de la population active, de 16 \u00e0 65 ans, contre 7 % au niveau national.<\/p>\n\n\n\n<p>Cardan a mis en place en 1982 des ateliers permanents de formation aux savoirs de base \u00e0 destination des adultes \u00ab f\u00e2ch\u00e9s \u00bb avec la lecture. Ces ateliers \u00e0 temps partiel, \u00e0 entr\u00e9e et sortie permanente, r\u00e9guliers toute l\u2019ann\u00e9e, \u00e9taient exp\u00e9rimentaux et novateurs. Le Cardan a maintenu une offre de formation \u00e0 destination des personnes \u00ab exclues \u00bb des autres formations, au gr\u00e9 des dispositifs et des march\u00e9s de la formation professionnelle.<\/p>\n\n\n\n<div style=\"height:20px\" aria-hidden=\"true\" class=\"wp-block-spacer\"><\/div>\n\n\n\n<h4 class=\"wp-block-heading\"><strong>D\u00e9bouch\u00e9s \u2014<\/strong><\/h4>\n\n\n\n<p>Pour l\u2019apprenant, l\u2019\u00e9volution de ses connaissances lui apporte une polyvalence dans ses activit\u00e9s professionnelles, augmente ses comp\u00e9tences, son autonomie dans les registres social et personnel ainsi que son adaptation aux \u00e9volutions du march\u00e9 du travail, pour une meilleure employabilit\u00e9.<\/p>\n\n\n\n<p>Par exemple : ma\u00eetriser le savoir lire et \u00e9crire permet de passer le permis de conduire poids lourd.<\/p>\n\n\n\n<div style=\"height:20px\" aria-hidden=\"true\" class=\"wp-block-spacer\"><\/div>\n\n\n\n<h4 class=\"wp-block-heading\"><strong>Objectifs de la formation \u2014<\/strong><\/h4>\n\n\n\n<p>Apporter l\u2019autonomie aux personnes et qu\u2019elles puissent assurer pleinement leur citoyennet\u00e9.<\/p>\n\n\n\n<p>Apprendre \u00e0 apprendre\/\u00e9crire\/lire et compter.<\/p>\n\n\n\n<div style=\"height:20px\" aria-hidden=\"true\" class=\"wp-block-spacer\"><\/div>\n\n\n\n<h4 class=\"wp-block-heading\"><strong>Programme \u2014<\/strong><\/h4>\n\n\n\n<p>Le programme individuel est construit avec la personne en fonction de son niveau et de son projet social. (pour lire le programme dans sa version compl\u00e8te, <a href=\"http:\/\/www.assocardan.org\/PDF\/Formation\/programme_formation_25.pdf\" target=\"_blank\" rel=\"noreferrer noopener\"><strong>cliquez ici<\/strong><\/a>)<\/p>\n\n\n\n<div style=\"height:20px\" aria-hidden=\"true\" class=\"wp-block-spacer\"><\/div>\n\n\n\n<h4 class=\"wp-block-heading\"><strong>Pr\u00e9requis \u2014<\/strong><\/h4>\n\n\n\n<p>aucun pr\u00e9requis n\u2019est demand\u00e9. Tout public \u00e2g\u00e9 de plus de 16 ans sorti du parcours scolaire<\/p>\n\n\n\n<div style=\"height:20px\" aria-hidden=\"true\" class=\"wp-block-spacer\"><\/div>\n\n\n\n<h4 class=\"wp-block-heading\"><strong>M\u00e9thode p\u00e9dagogique \u2014<\/strong><\/h4>\n\n\n\n<p>Le formateur est aussi en situation d\u2019apprentissage et d\u2019\u00e9change : l\u2019apprentissage de cr\u00e9ation d\u2019outils les mieux adapt\u00e9s \u00e0 chaque apprenant favorise l\u2019individualisation du parcours de formation aux savoirs de base, au sein m\u00eame du module.<\/p>\n\n\n\n<p>Nous appr\u00e9cions particuli\u00e8rement la m\u00e9thode de la p\u00e9dagogie de la m\u00e9diation.<\/p>\n\n\n\n<div style=\"height:20px\" aria-hidden=\"true\" class=\"wp-block-spacer\"><\/div>\n\n\n\n<h4 class=\"wp-block-heading\">Modalit\u00e9 d\u2019\u00e9valuation \u2014<\/h4>\n\n\n\n<p>Des \u00e9valuations sont faites \u00e0 chaque fin de p\u00e9riode<\/p>\n\n\n\n<div style=\"height:20px\" aria-hidden=\"true\" class=\"wp-block-spacer\"><\/div>\n\n\n\n<h4 class=\"wp-block-heading\">Conditions d\u2019acc\u00e8s \u2014<\/h4>\n\n\n\n<p>Inscription pr\u00e9alable<\/p>\n\n\n\n<div style=\"height:20px\" aria-hidden=\"true\" class=\"wp-block-spacer\"><\/div>\n\n\n\n<h4 class=\"wp-block-heading\">Validation \u2014<\/h4>\n\n\n\n<p>Attestation de suivi de formation<\/p>\n\n\n\n<div style=\"height:20px\" aria-hidden=\"true\" class=\"wp-block-spacer\"><\/div>\n\n\n\n<h4 class=\"wp-block-heading\">Accessibilit\u00e9 \u2014<\/h4>\n\n\n\n<p>Locaux accessibles aux personnes en situations de handicap<\/p>\n\n\n\n<div style=\"height:20px\" aria-hidden=\"true\" class=\"wp-block-spacer\"><\/div>\n\n\n\n<h4 class=\"wp-block-heading\">T\u00e9moignages \u2014<\/h4>\n\n\n\n<p>\u00ab J\u2019ai trouv\u00e9 bien que l\u2019on d\u00e9coupe le journal, il y a tellement de choses de dites que je n\u2019y comprends rien. Au moins, tous ensemble on a pu en discuter, et en fait, je n\u2019\u00e9tais pas le seul \u00e0 ne rien comprendre. \u00bb<\/p>\n\n\n\n<div style=\"height:20px\" aria-hidden=\"true\" class=\"wp-block-spacer\"><\/div>\n\n\n\n<p>\u00ab Je lis des livres \u00e0 mon fils. Je lis d\u2019abord avec mon fils pour comprendre l\u2019histoire et si besoin il m\u2019aide pour certains mots. Ensuite je lui lis l\u2019histoire. C\u2019est important de comprendre avant pour pouvoir lui lire vraiment. \u00bb<\/p>\n\n\n\n<div style=\"height:20px\" aria-hidden=\"true\" class=\"wp-block-spacer\"><\/div>\n\n\n\n<p>\u00ab Le travail sur les sons, la lecture, me permettent de donner un coup de main \u00e0 mon fils pour faire ses devoirs. Je peux v\u00e9rifier si mon fils fait bien ses devoirs. Je peux lire ce qu\u2019il a \u00e0 faire. \u00bb<\/p>\n\n\n\n<div style=\"height:180px\" aria-hidden=\"true\" class=\"wp-block-spacer\"><\/div>\n\n\n\n<p><em>Vous trouverez d&#8217;autres informations sur la formation au Cardan, en lisant notre dernier rapport d\u2019orientation et d\u2019activit\u00e9s. <a href=\"http:\/\/www.assocardan.org\/PDF\/AG\/ag-25-26.pdf#page=19\" target=\"_blank\" rel=\"noreferrer noopener\"><strong>Veuillez cliquer ici<\/strong><\/a>.<\/em><\/p>\n<\/div>\n\n\n\n<div class=\"wp-block-column is-vertically-aligned-top is-layout-flow wp-block-column-is-layout-flow\" style=\"flex-basis:33.33%\">\n<h3 class=\"wp-block-heading has-text-align-center has-white-color has-vivid-red-background-color has-text-color has-background\" style=\"font-size:25px\">informations compl\u00e9mentaires<\/h3>\n\n\n\n<div class=\"wp-block-columns has-cyan-bluish-gray-background-color has-background is-layout-flex wp-container-core-columns-is-layout-9d6595d7 wp-block-columns-is-layout-flex\">\n<div class=\"wp-block-column is-layout-flow wp-block-column-is-layout-flow\">\n<h4 class=\"wp-block-heading\">Inscription<\/h4>\n\n\n\n<p>Prendre rendez-vous au <strong>03 22 92 03 26<\/strong> <\/p>\n\n\n\n<p>ou permanence d\u2019accueil du lundi au jeudi de 9 h \u00e0 12 h et de 14 h \u00e0 17 h<\/p>\n\n\n\n<div style=\"height:20px\" aria-hidden=\"true\" class=\"wp-block-spacer\"><\/div>\n\n\n\n<h4 class=\"wp-block-heading\">Dur\u00e9e<\/h4>\n\n\n\n<p>80 heures reconductibles<\/p>\n\n\n\n<div style=\"height:20px\" aria-hidden=\"true\" class=\"wp-block-spacer\"><\/div>\n\n\n\n<h4 class=\"wp-block-heading\">Lieu de formation<\/h4>\n\n\n\n<p>91 rue Saint-Roch 80 000 Amiens <\/p>\n\n\n\n<div style=\"height:20px\" aria-hidden=\"true\" class=\"wp-block-spacer\"><\/div>\n\n\n\n<h4 class=\"wp-block-heading\">Voie d\u2019acc\u00e8s<\/h4>\n\n\n\n<p>Pas de pr\u00e9requis<\/p>\n\n\n\n<div style=\"height:20px\" aria-hidden=\"true\" class=\"wp-block-spacer\"><\/div>\n\n\n\n<h4 class=\"wp-block-heading\">D\u00e9lai d&#8217;entr\u00e9e en formation<\/h4>\n\n\n\n<p>de 2 \u00e0 4 semaines<\/p>\n\n\n\n<div style=\"height:20px\" aria-hidden=\"true\" class=\"wp-block-spacer\"><\/div>\n\n\n\n<h4 class=\"wp-block-heading\">Intervenants<\/h4>\n\n\n\n<p>Formateurs professionnels dipl\u00f4m\u00e9s et formateurs b\u00e9n\u00e9voles avec exp\u00e9rience<\/p>\n\n\n\n<div style=\"height:20px\" aria-hidden=\"true\" class=\"wp-block-spacer\"><\/div>\n\n\n\n<h4 class=\"wp-block-heading\">Contact<\/h4>\n\n\n\n<p>Pour toute autre demande, <strong><a href=\"https:\/\/www.assocardan.org\/?page_id=2875\" target=\"_blank\" rel=\"noreferrer noopener\">nous contacter<\/a><\/strong><\/p>\n\n\n\n<div style=\"height:20px\" aria-hidden=\"true\" class=\"wp-block-spacer\"><\/div>\n\n\n\n<h4 class=\"wp-block-heading\">Co\u00fbt<\/h4>\n\n\n\n<p>10,00 \u20ac\/heure<\/p>\n\n\n\n<p><strong><a rel=\"noreferrer noopener\" href=\"https:\/\/www.assocardan.org\/?page_id=2875\" target=\"_blank\">Contactez-nous<\/a><\/strong> pour un devis personnalis\u00e9.<\/p>\n\n\n\n<div style=\"height:10px\" aria-hidden=\"true\" class=\"wp-block-spacer\"><\/div>\n\n\n\n<div class=\"wp-block-buttons is-layout-flex wp-block-buttons-is-layout-flex\">\n<div class=\"wp-block-button has-custom-width wp-block-button__width-100\"><a class=\"wp-block-button__link wp-element-button\" href=\"http:\/\/www.assocardan.org\/PDF\/Formation\/conditions_generales_de_vente.pdf\" target=\"_blank\" rel=\"noreferrer noopener\"><strong>Conditions g\u00e9n\u00e9rales de vente<\/strong><\/a><\/div>\n<\/div>\n\n\n\n<div style=\"height:20px\" aria-hidden=\"true\" class=\"wp-block-spacer\"><\/div>\n\n\n\n<h4 class=\"wp-block-heading\">Taux de satisfaction<\/h4>\n\n\n\n<p>100 % ( <strong><a href=\"http:\/\/www.assocardan.org\/PDF\/AG\/ag-25-26.pdf#page=23\" target=\"_blank\" rel=\"noreferrer noopener\">voir le tableau<\/a><\/strong> )<\/p>\n\n\n\n<div style=\"height:20px\" aria-hidden=\"true\" class=\"wp-block-spacer\"><\/div>\n\n\n\n<h4 class=\"wp-block-heading\">Accessibilit\u00e9<\/h4>\n\n\n\n<p>Accessible aux personnes en situations de handicap<\/p>\n\n\n\n<div style=\"height:20px\" aria-hidden=\"true\" class=\"wp-block-spacer\"><\/div>\n\n\n\n<figure class=\"wp-block-image size-large is-style-default\"><img loading=\"lazy\" decoding=\"async\" width=\"930\" height=\"620\" src=\"http:\/\/www.assocardan.org\/wp-content\/uploads\/2021\/09\/JT_France3-illettrisme-06-09-2021.jpg\" alt=\"\" class=\"wp-image-8602\" srcset=\"https:\/\/www.assocardan.org\/wp-content\/uploads\/2021\/09\/JT_France3-illettrisme-06-09-2021.jpg 930w, https:\/\/www.assocardan.org\/wp-content\/uploads\/2021\/09\/JT_France3-illettrisme-06-09-2021-300x200.jpg 300w, https:\/\/www.assocardan.org\/wp-content\/uploads\/2021\/09\/JT_France3-illettrisme-06-09-2021-750x500.jpg 750w, https:\/\/www.assocardan.org\/wp-content\/uploads\/2021\/09\/JT_France3-illettrisme-06-09-2021-400x267.jpg 400w, https:\/\/www.assocardan.org\/wp-content\/uploads\/2021\/09\/JT_France3-illettrisme-06-09-2021-430x287.jpg 430w, https:\/\/www.assocardan.org\/wp-content\/uploads\/2021\/09\/JT_France3-illettrisme-06-09-2021-150x100.jpg 150w, https:\/\/www.assocardan.org\/wp-content\/uploads\/2021\/09\/JT_France3-illettrisme-06-09-2021-100x67.jpg 100w\" sizes=\"auto, (max-width: 930px) 100vw, 930px\" \/><\/figure>\n\n\n\n<figure class=\"wp-block-image size-large\"><img loading=\"lazy\" decoding=\"async\" width=\"1024\" height=\"768\" src=\"https:\/\/www.assocardan.org\/wp-content\/uploads\/2021\/12\/IMG_1049-1024x768.jpg\" alt=\"\" class=\"wp-image-8883\" srcset=\"https:\/\/www.assocardan.org\/wp-content\/uploads\/2021\/12\/IMG_1049-1024x768.jpg 1024w, https:\/\/www.assocardan.org\/wp-content\/uploads\/2021\/12\/IMG_1049-300x225.jpg 300w, https:\/\/www.assocardan.org\/wp-content\/uploads\/2021\/12\/IMG_1049-1536x1152.jpg 1536w, https:\/\/www.assocardan.org\/wp-content\/uploads\/2021\/12\/IMG_1049-2048x1536.jpg 2048w, https:\/\/www.assocardan.org\/wp-content\/uploads\/2021\/12\/IMG_1049-750x563.jpg 750w, https:\/\/www.assocardan.org\/wp-content\/uploads\/2021\/12\/IMG_1049-400x300.jpg 400w, https:\/\/www.assocardan.org\/wp-content\/uploads\/2021\/12\/IMG_1049-430x323.jpg 430w, https:\/\/www.assocardan.org\/wp-content\/uploads\/2021\/12\/IMG_1049-150x113.jpg 150w, https:\/\/www.assocardan.org\/wp-content\/uploads\/2021\/12\/IMG_1049-100x75.jpg 100w, https:\/\/www.assocardan.org\/wp-content\/uploads\/2021\/12\/IMG_1049-1320x990.jpg 1320w\" sizes=\"auto, (max-width: 1024px) 100vw, 1024px\" \/><\/figure>\n\n\n\n<figure class=\"wp-block-image size-large\"><img loading=\"lazy\" decoding=\"async\" width=\"1024\" height=\"683\" src=\"https:\/\/www.assocardan.org\/wp-content\/uploads\/2021\/12\/IMG_1547-1024x683.jpg\" alt=\"\" class=\"wp-image-8884\" srcset=\"https:\/\/www.assocardan.org\/wp-content\/uploads\/2021\/12\/IMG_1547-1024x683.jpg 1024w, https:\/\/www.assocardan.org\/wp-content\/uploads\/2021\/12\/IMG_1547-300x200.jpg 300w, https:\/\/www.assocardan.org\/wp-content\/uploads\/2021\/12\/IMG_1547-1536x1024.jpg 1536w, https:\/\/www.assocardan.org\/wp-content\/uploads\/2021\/12\/IMG_1547-2048x1365.jpg 2048w, https:\/\/www.assocardan.org\/wp-content\/uploads\/2021\/12\/IMG_1547-750x500.jpg 750w, https:\/\/www.assocardan.org\/wp-content\/uploads\/2021\/12\/IMG_1547-400x267.jpg 400w, https:\/\/www.assocardan.org\/wp-content\/uploads\/2021\/12\/IMG_1547-430x287.jpg 430w, https:\/\/www.assocardan.org\/wp-content\/uploads\/2021\/12\/IMG_1547-150x100.jpg 150w, https:\/\/www.assocardan.org\/wp-content\/uploads\/2021\/12\/IMG_1547-100x67.jpg 100w, https:\/\/www.assocardan.org\/wp-content\/uploads\/2021\/12\/IMG_1547-1320x880.jpg 1320w\" sizes=\"auto, (max-width: 1024px) 100vw, 1024px\" \/><\/figure>\n<\/div>\n<\/div>\n<\/div>\n<\/div>\n\n\n\n<p><em>Mis \u00e0 jour le 10\/03\/2026<\/em><\/p>\n","protected":false},"excerpt":{"rendered":"<p>formation des apprentissages de base \u00e0 Amiens Saint-Roch Contexte \u2014 400 000 personnes concern\u00e9es par l\u2019illettrisme dans les Hauts-de-France \u2014 11 % de la population active, de 16 \u00e0 65 [&hellip;]<\/p>\n","protected":false},"author":1,"featured_media":0,"parent":0,"menu_order":0,"comment_status":"closed","ping_status":"closed","template":"page_fullwidth.php","meta":{"footnotes":""},"class_list":["post-8738","page","type-page","status-publish","hentry"],"_links":{"self":[{"href":"https:\/\/www.assocardan.org\/index.php?rest_route=\/wp\/v2\/pages\/8738","targetHints":{"allow":["GET"]}}],"collection":[{"href":"https:\/\/www.assocardan.org\/index.php?rest_route=\/wp\/v2\/pages"}],"about":[{"href":"https:\/\/www.assocardan.org\/index.php?rest_route=\/wp\/v2\/types\/page"}],"author":[{"embeddable":true,"href":"https:\/\/www.assocardan.org\/index.php?rest_route=\/wp\/v2\/users\/1"}],"replies":[{"embeddable":true,"href":"https:\/\/www.assocardan.org\/index.php?rest_route=%2Fwp%2Fv2%2Fcomments&post=8738"}],"version-history":[{"count":118,"href":"https:\/\/www.assocardan.org\/index.php?rest_route=\/wp\/v2\/pages\/8738\/revisions"}],"predecessor-version":[{"id":10468,"href":"https:\/\/www.assocardan.org\/index.php?rest_route=\/wp\/v2\/pages\/8738\/revisions\/10468"}],"wp:attachment":[{"href":"https:\/\/www.assocardan.org\/index.php?rest_route=%2Fwp%2Fv2%2Fmedia&parent=8738"}],"curies":[{"name":"wp","href":"https:\/\/api.w.org\/{rel}","templated":true}]}}